{"id":5339,"date":"2026-03-16T13:17:41","date_gmt":"2026-03-16T12:17:41","guid":{"rendered":"https:\/\/www.belmontedegracian.es\/?page_id=5339"},"modified":"2026-03-16T17:41:31","modified_gmt":"2026-03-16T16:41:31","slug":"rutas-2026","status":"publish","type":"page","link":"https:\/\/www.belmontedegracian.es\/?page_id=5339","title":{"rendered":"Rutas 2026"},"content":{"rendered":"\t\t<div data-elementor-type=\"wp-page\" data-elementor-id=\"5339\" class=\"elementor elementor-5339\">\n\t\t\t\t<div class=\"elementor-element elementor-element-42207bf e-flex e-con-boxed e-con e-parent\" data-id=\"42207bf\" data-element_type=\"container\" data-e-type=\"container\">\n\t\t\t\t\t<div class=\"e-con-inner\">\n\t\t<div class=\"elementor-element elementor-element-9ab8101 e-con-full e-flex e-con e-child\" data-id=\"9ab8101\" data-element_type=\"container\" data-e-type=\"container\">\n\t\t\t\t<div class=\"elementor-element elementor-element-6210d88 elementor-widget elementor-widget-heading\" data-id=\"6210d88\" data-element_type=\"widget\" data-e-type=\"widget\" data-widget_type=\"heading.default\">\n\t\t\t\t\t<h2 class=\"elementor-heading-title elementor-size-default\">Andada Corta \/ Trail-15 Km<\/h2>\t\t\t\t<\/div>\n\t\t\t\t<div class=\"elementor-element elementor-element-eb0f525 elementor-widget elementor-widget-text-editor\" data-id=\"eb0f525\" data-element_type=\"widget\" data-e-type=\"widget\" data-widget_type=\"text-editor.default\">\n\t\t\t\t\t\t\t\t\t<p>Altura m\u00e1xima: 1008 m<br \/>Altura m\u00ednima: 638 m<br \/>Desnivel acumulado: 377 m<br \/>Nivel: Moderado<br \/>Tiempo l\u00edmite: 5 horas<br \/>Tipo: Circular<\/p>\t\t\t\t\t\t\t\t<\/div>\n\t\t\t\t<div class=\"elementor-element elementor-element-9121004 elementor-align-center elementor-widget elementor-widget-button\" data-id=\"9121004\" data-element_type=\"widget\" data-e-type=\"widget\" data-widget_type=\"button.default\">\n\t\t\t\t\t\t\t\t\t\t<a class=\"elementor-button elementor-button-link elementor-size-sm\" href=\"http:\/\/www.belmontedegracian.es\/wp-content\/uploads\/2026\/03\/ANDADA-CORTA-2026.pdf\" target=\"_blank\">\n\t\t\t\t\t\t<span class=\"elementor-button-content-wrapper\">\n\t\t\t\t\t\t\t\t\t<span class=\"elementor-button-text\">Descargar Ruta Andada Corta<\/span>\n\t\t\t\t\t<\/span>\n\t\t\t\t\t<\/a>\n\t\t\t\t\t\t\t\t<\/div>\n\t\t\t\t<\/div>\n\t\t<div class=\"elementor-element elementor-element-06767a1 e-con-full e-flex e-con e-child\" data-id=\"06767a1\" data-element_type=\"container\" data-e-type=\"container\">\n\t\t\t\t<div class=\"elementor-element elementor-element-ea34d83 elementor-widget elementor-widget-image\" data-id=\"ea34d83\" data-element_type=\"widget\" data-e-type=\"widget\" data-widget_type=\"image.default\">\n\t\t\t\t\t\t\t\t\t\t\t\t\t\t\t<img fetchpriority=\"high\" decoding=\"async\" width=\"768\" height=\"506\" src=\"https:\/\/www.belmontedegracian.es\/wp-content\/uploads\/2026\/03\/ANDADA-CORTA-768x506.jpg\" class=\"attachment-medium_large size-medium_large wp-image-5341\" alt=\"\" srcset=\"https:\/\/www.belmontedegracian.es\/wp-content\/uploads\/2026\/03\/ANDADA-CORTA-768x506.jpg 768w, https:\/\/www.belmontedegracian.es\/wp-content\/uploads\/2026\/03\/ANDADA-CORTA-300x198.jpg 300w, https:\/\/www.belmontedegracian.es\/wp-content\/uploads\/2026\/03\/ANDADA-CORTA-1024x675.jpg 1024w, https:\/\/www.belmontedegracian.es\/wp-content\/uploads\/2026\/03\/ANDADA-CORTA-150x99.jpg 150w, https:\/\/www.belmontedegracian.es\/wp-content\/uploads\/2026\/03\/ANDADA-CORTA-1536x1012.jpg 1536w, https:\/\/www.belmontedegracian.es\/wp-content\/uploads\/2026\/03\/ANDADA-CORTA-2048x1349.jpg 2048w\" sizes=\"(max-width: 768px) 100vw, 768px\" \/>\t\t\t\t\t\t\t\t\t\t\t\t\t\t\t<\/div>\n\t\t\t\t<\/div>\n\t\t\t\t\t<\/div>\n\t\t\t\t<\/div>\n\t\t<div class=\"elementor-element elementor-element-3d700a9 e-flex e-con-boxed e-con e-parent\" data-id=\"3d700a9\" data-element_type=\"container\" data-e-type=\"container\">\n\t\t\t\t\t<div class=\"e-con-inner\">\n\t\t<div class=\"elementor-element elementor-element-7511db1 e-con-full e-flex e-con e-child\" data-id=\"7511db1\" data-element_type=\"container\" data-e-type=\"container\">\n\t\t\t\t<div class=\"elementor-element elementor-element-89028d6 elementor-widget elementor-widget-heading\" data-id=\"89028d6\" data-element_type=\"widget\" data-e-type=\"widget\" data-widget_type=\"heading.default\">\n\t\t\t\t\t<h2 class=\"elementor-heading-title elementor-size-default\">Andada Larga\/Trail\u201324 Km<\/h2>\t\t\t\t<\/div>\n\t\t\t\t<div class=\"elementor-element elementor-element-9ba292d elementor-widget elementor-widget-text-editor\" data-id=\"9ba292d\" data-element_type=\"widget\" data-e-type=\"widget\" data-widget_type=\"text-editor.default\">\n\t\t\t\t\t\t\t\t\t<p>Altura m\u00e1xima: 1407 m<br \/>Altura m\u00ednima: 638 m<br \/>Desnivel acumulado: 850 m<br \/>Nivel: Dificil<br \/>Tiempo l\u00edmite: 7 horas<br \/>Tipo: Circular<\/p>\t\t\t\t\t\t\t\t<\/div>\n\t\t\t\t<div class=\"elementor-element elementor-element-c1b75aa elementor-align-center elementor-widget elementor-widget-button\" data-id=\"c1b75aa\" data-element_type=\"widget\" data-e-type=\"widget\" data-widget_type=\"button.default\">\n\t\t\t\t\t\t\t\t\t\t<a class=\"elementor-button elementor-button-link elementor-size-sm\" href=\"http:\/\/www.belmontedegracian.es\/wp-content\/uploads\/2026\/03\/ANDADA-LARGA-2026.pdf\" target=\"_blank\">\n\t\t\t\t\t\t<span class=\"elementor-button-content-wrapper\">\n\t\t\t\t\t\t\t\t\t<span class=\"elementor-button-text\">Descargar Ruta Andada Larga<\/span>\n\t\t\t\t\t<\/span>\n\t\t\t\t\t<\/a>\n\t\t\t\t\t\t\t\t<\/div>\n\t\t\t\t<\/div>\n\t\t<div class=\"elementor-element elementor-element-3a879f3 e-con-full e-flex e-con e-child\" data-id=\"3a879f3\" data-element_type=\"container\" data-e-type=\"container\">\n\t\t\t\t<div class=\"elementor-element elementor-element-abce564 elementor-widget elementor-widget-image\" data-id=\"abce564\" data-element_type=\"widget\" data-e-type=\"widget\" data-widget_type=\"image.default\">\n\t\t\t\t\t\t\t\t\t\t\t\t\t\t\t<img decoding=\"async\" width=\"1024\" height=\"701\" src=\"https:\/\/www.belmontedegracian.es\/wp-content\/uploads\/2026\/03\/ANDADA-LARGA-1024x701.jpg\" class=\"attachment-large size-large wp-image-5348\" alt=\"\" srcset=\"https:\/\/www.belmontedegracian.es\/wp-content\/uploads\/2026\/03\/ANDADA-LARGA-1024x701.jpg 1024w, https:\/\/www.belmontedegracian.es\/wp-content\/uploads\/2026\/03\/ANDADA-LARGA-300x205.jpg 300w, https:\/\/www.belmontedegracian.es\/wp-content\/uploads\/2026\/03\/ANDADA-LARGA-150x103.jpg 150w, https:\/\/www.belmontedegracian.es\/wp-content\/uploads\/2026\/03\/ANDADA-LARGA-768x526.jpg 768w, https:\/\/www.belmontedegracian.es\/wp-content\/uploads\/2026\/03\/ANDADA-LARGA-1536x1052.jpg 1536w, https:\/\/www.belmontedegracian.es\/wp-content\/uploads\/2026\/03\/ANDADA-LARGA-2048x1402.jpg 2048w\" sizes=\"(max-width: 1024px) 100vw, 1024px\" \/>\t\t\t\t\t\t\t\t\t\t\t\t\t\t\t<\/div>\n\t\t\t\t<\/div>\n\t\t\t\t\t<\/div>\n\t\t\t\t<\/div>\n\t\t<div class=\"elementor-element elementor-element-47c01b6 e-flex e-con-boxed e-con e-parent\" data-id=\"47c01b6\" data-element_type=\"container\" data-e-type=\"container\">\n\t\t\t\t\t<div class=\"e-con-inner\">\n\t\t<div class=\"elementor-element elementor-element-337d77c e-con-full e-flex e-con e-child\" data-id=\"337d77c\" data-element_type=\"container\" data-e-type=\"container\">\n\t\t\t\t<div class=\"elementor-element elementor-element-b20dfea elementor-widget elementor-widget-heading\" data-id=\"b20dfea\" data-element_type=\"widget\" data-e-type=\"widget\" data-widget_type=\"heading.default\">\n\t\t\t\t\t<h2 class=\"elementor-heading-title elementor-size-default\">BTT Corta \u2013 32 km<\/h2>\t\t\t\t<\/div>\n\t\t\t\t<div class=\"elementor-element elementor-element-219f041 elementor-widget elementor-widget-text-editor\" data-id=\"219f041\" data-element_type=\"widget\" data-e-type=\"widget\" data-widget_type=\"text-editor.default\">\n\t\t\t\t\t\t\t\t\t<p>Altura m\u00e1xima: 1272 m<br \/>Altura m\u00ednima: 633 m<br \/>Desnivel acumulado: 921 m<br \/>Nivel: Moderado<br \/>Tiempo l\u00edmite: 7 horas<br \/>Tipo: Circular<\/p>\t\t\t\t\t\t\t\t<\/div>\n\t\t\t\t<div class=\"elementor-element elementor-element-9eb72ea elementor-align-center elementor-widget elementor-widget-button\" data-id=\"9eb72ea\" data-element_type=\"widget\" data-e-type=\"widget\" data-widget_type=\"button.default\">\n\t\t\t\t\t\t\t\t\t\t<a class=\"elementor-button elementor-button-link elementor-size-sm\" href=\"http:\/\/www.belmontedegracian.es\/wp-content\/uploads\/2026\/03\/BTT-CORTA-2026.pdf\" target=\"_blank\">\n\t\t\t\t\t\t<span class=\"elementor-button-content-wrapper\">\n\t\t\t\t\t\t\t\t\t<span class=\"elementor-button-text\">Descargar Ruta BTT Corta<\/span>\n\t\t\t\t\t<\/span>\n\t\t\t\t\t<\/a>\n\t\t\t\t\t\t\t\t<\/div>\n\t\t\t\t<\/div>\n\t\t<div class=\"elementor-element elementor-element-722fdc7 e-con-full e-flex e-con e-child\" data-id=\"722fdc7\" data-element_type=\"container\" data-e-type=\"container\">\n\t\t\t\t<div class=\"elementor-element elementor-element-13af7f8 elementor-widget elementor-widget-image\" data-id=\"13af7f8\" data-element_type=\"widget\" data-e-type=\"widget\" data-widget_type=\"image.default\">\n\t\t\t\t\t\t\t\t\t\t\t\t\t\t\t<img decoding=\"async\" width=\"1024\" height=\"693\" src=\"https:\/\/www.belmontedegracian.es\/wp-content\/uploads\/2026\/03\/BTT-CORTA-2026-1024x693.jpg\" class=\"attachment-large size-large wp-image-5349\" alt=\"\" srcset=\"https:\/\/www.belmontedegracian.es\/wp-content\/uploads\/2026\/03\/BTT-CORTA-2026-1024x693.jpg 1024w, https:\/\/www.belmontedegracian.es\/wp-content\/uploads\/2026\/03\/BTT-CORTA-2026-300x203.jpg 300w, https:\/\/www.belmontedegracian.es\/wp-content\/uploads\/2026\/03\/BTT-CORTA-2026-150x101.jpg 150w, https:\/\/www.belmontedegracian.es\/wp-content\/uploads\/2026\/03\/BTT-CORTA-2026-768x519.jpg 768w, https:\/\/www.belmontedegracian.es\/wp-content\/uploads\/2026\/03\/BTT-CORTA-2026-1536x1039.jpg 1536w, https:\/\/www.belmontedegracian.es\/wp-content\/uploads\/2026\/03\/BTT-CORTA-2026-2048x1385.jpg 2048w\" sizes=\"(max-width: 1024px) 100vw, 1024px\" \/>\t\t\t\t\t\t\t\t\t\t\t\t\t\t\t<\/div>\n\t\t\t\t<\/div>\n\t\t\t\t\t<\/div>\n\t\t\t\t<\/div>\n\t\t<div class=\"elementor-element elementor-element-7b82d8f e-flex e-con-boxed e-con e-parent\" data-id=\"7b82d8f\" data-element_type=\"container\" data-e-type=\"container\">\n\t\t\t\t\t<div class=\"e-con-inner\">\n\t\t<div class=\"elementor-element elementor-element-2bebdd4 e-con-full e-flex e-con e-child\" data-id=\"2bebdd4\" data-element_type=\"container\" data-e-type=\"container\">\n\t\t\t\t<div class=\"elementor-element elementor-element-19f7526 elementor-widget elementor-widget-heading\" data-id=\"19f7526\" data-element_type=\"widget\" data-e-type=\"widget\" data-widget_type=\"heading.default\">\n\t\t\t\t\t<h2 class=\"elementor-heading-title elementor-size-default\">BTT Larga \u2013 44,6 km<\/h2>\t\t\t\t<\/div>\n\t\t\t\t<div class=\"elementor-element elementor-element-94c43ef elementor-widget elementor-widget-text-editor\" data-id=\"94c43ef\" data-element_type=\"widget\" data-e-type=\"widget\" data-widget_type=\"text-editor.default\">\n\t\t\t\t\t\t\t\t\t<p>Altura m\u00e1xima: 1272 m<br \/>Altura m\u00ednima: 633 m<br \/>Desnivel acumulado: 1328 m<br \/>Nivel: Dif\u00edcil<br \/>Tiempo l\u00edmite: 7 horas<br \/>Tipo: Circular<\/p>\t\t\t\t\t\t\t\t<\/div>\n\t\t\t\t<div class=\"elementor-element elementor-element-a32a7d4 elementor-align-center elementor-widget elementor-widget-button\" data-id=\"a32a7d4\" data-element_type=\"widget\" data-e-type=\"widget\" data-widget_type=\"button.default\">\n\t\t\t\t\t\t\t\t\t\t<a class=\"elementor-button elementor-button-link elementor-size-sm\" href=\"http:\/\/www.belmontedegracian.es\/wp-content\/uploads\/2026\/03\/BTT-LARGA-2026.pdf\" target=\"_blank\">\n\t\t\t\t\t\t<span class=\"elementor-button-content-wrapper\">\n\t\t\t\t\t\t\t\t\t<span class=\"elementor-button-text\">Descargar Ruta BTT Larga<\/span>\n\t\t\t\t\t<\/span>\n\t\t\t\t\t<\/a>\n\t\t\t\t\t\t\t\t<\/div>\n\t\t\t\t<\/div>\n\t\t<div class=\"elementor-element elementor-element-dcb7d23 e-con-full e-flex e-con e-child\" data-id=\"dcb7d23\" data-element_type=\"container\" data-e-type=\"container\">\n\t\t\t\t<div class=\"elementor-element elementor-element-ca6654a elementor-widget elementor-widget-image\" data-id=\"ca6654a\" data-element_type=\"widget\" data-e-type=\"widget\" data-widget_type=\"image.default\">\n\t\t\t\t\t\t\t\t\t\t\t\t\t\t\t<img loading=\"lazy\" decoding=\"async\" width=\"1024\" height=\"724\" src=\"https:\/\/www.belmontedegracian.es\/wp-content\/uploads\/2026\/03\/BTT-LARGA-2026-1024x724.jpg\" class=\"attachment-large size-large wp-image-5350\" alt=\"\" srcset=\"https:\/\/www.belmontedegracian.es\/wp-content\/uploads\/2026\/03\/BTT-LARGA-2026-1024x724.jpg 1024w, https:\/\/www.belmontedegracian.es\/wp-content\/uploads\/2026\/03\/BTT-LARGA-2026-300x212.jpg 300w, https:\/\/www.belmontedegracian.es\/wp-content\/uploads\/2026\/03\/BTT-LARGA-2026-150x106.jpg 150w, https:\/\/www.belmontedegracian.es\/wp-content\/uploads\/2026\/03\/BTT-LARGA-2026-768x543.jpg 768w, https:\/\/www.belmontedegracian.es\/wp-content\/uploads\/2026\/03\/BTT-LARGA-2026-1536x1087.jpg 1536w, https:\/\/www.belmontedegracian.es\/wp-content\/uploads\/2026\/03\/BTT-LARGA-2026-2048x1449.jpg 2048w\" sizes=\"(max-width: 1024px) 100vw, 1024px\" \/>\t\t\t\t\t\t\t\t\t\t\t\t\t\t\t<\/div>\n\t\t\t\t<\/div>\n\t\t\t\t\t<\/div>\n\t\t\t\t<\/div>\n\t\t\t\t<\/div>\n\t\t","protected":false},"excerpt":{"rendered":"<p>Andada Corta \/ Trail-15 Km Altura m\u00e1xima: 1008 mAltura m\u00ednima: 638 mDesnivel acumulado: 377 mNivel: ModeradoTiempo l\u00edmite: 5 horasTipo: Circular Descargar Ruta Andada Corta Andada Larga\/Trail\u201324 Km Altura m\u00e1xima: 1407 mAltura m\u00ednima: 638 mDesnivel acumulado: 850 mNivel: DificilTiempo l\u00edmite: 7 horasTipo: Circular Descargar Ruta Andada Larga BTT Corta \u2013 32 km Altura m\u00e1xima: 1272 mAltura [&hellip;]<\/p>\n","protected":false},"author":1,"featured_media":0,"parent":4562,"menu_order":0,"comment_status":"closed","ping_status":"closed","template":"","meta":{"footnotes":""},"class_list":["post-5339","page","type-page","status-publish","hentry"],"_links":{"self":[{"href":"https:\/\/www.belmontedegracian.es\/index.php?rest_route=\/wp\/v2\/pages\/5339","targetHints":{"allow":["GET"]}}],"collection":[{"href":"https:\/\/www.belmontedegracian.es\/index.php?rest_route=\/wp\/v2\/pages"}],"about":[{"href":"https:\/\/www.belmontedegracian.es\/index.php?rest_route=\/wp\/v2\/types\/page"}],"author":[{"embeddable":true,"href":"https:\/\/www.belmontedegracian.es\/index.php?rest_route=\/wp\/v2\/users\/1"}],"replies":[{"embeddable":true,"href":"https:\/\/www.belmontedegracian.es\/index.php?rest_route=%2Fwp%2Fv2%2Fcomments&post=5339"}],"version-history":[{"count":28,"href":"https:\/\/www.belmontedegracian.es\/index.php?rest_route=\/wp\/v2\/pages\/5339\/revisions"}],"predecessor-version":[{"id":5381,"href":"https:\/\/www.belmontedegracian.es\/index.php?rest_route=\/wp\/v2\/pages\/5339\/revisions\/5381"}],"up":[{"embeddable":true,"href":"https:\/\/www.belmontedegracian.es\/index.php?rest_route=\/wp\/v2\/pages\/4562"}],"wp:attachment":[{"href":"https:\/\/www.belmontedegracian.es\/index.php?rest_route=%2Fwp%2Fv2%2Fmedia&parent=5339"}],"curies":[{"name":"wp","href":"https:\/\/api.w.org\/{rel}","templated":true}]}}